
{"version":"1.0","type":"rich","provider_name":"\u00c0 nous de jouer&nbsp;!","provider_url":"https:\/\/anousdejouer.ch","title":"Deviens b\u00e9n\u00e9vole au Fesses-tival","author_name":"Romain","width":"480","height":"295","url":"https:\/\/avousdejouer.ch\/Deviens-benevole-au-Fesses-tival","html":"\u003Ch4 class='title'\u003E\u003Ca href='https:\/\/avousdejouer.ch\/Deviens-benevole-au-Fesses-tival'\u003EDeviens b\u00e9n\u00e9vole au Fesses-tival\u003C\/a\u003E\u003C\/h4\u003E\u003Cblockquote class='spip'\u003E\u2604\ufe0f Le Fesses-tival a besoin de b\u00e9n\u00e9vole\u00b7x\u00b7s&nbsp;! \u2604\ufe0f\n\n\u003Cbr \/\u003E \tDeux fa\u00e7ons de participer&nbsp;:\n\n\u003Cbr \/\u003E \t\ud83d\udd28 Avant et apr\u00e8s le festival \u2013 du 14 au 29 septembre \ud83d\udd28\n\n\u003Cbr \/\u003E\tMontage, d\u00e9coration &amp; d\u00e9montage.\n\n\u003Cbr \/\u003E\t\u203c\ufe0fInscription uniquement via le formulaire 1&nbsp;: Montage, demontage et d\u00e9coration du Fesses-tival\n\n\u003Cbr \/\u003E \t\ud83c\udf51 Pendant le Fesses-tival \u2013 du 23 au 27 septembre \ud83c\udf51\n\n\u003Cbr \/\u003E\tEntr\u00e9es, bar, catering &amp; logistique\n\n\u003Cbr \/\u003E\t\u203c\ufe0fInscription uniquement via le formulaire 2&nbsp;: Appel \u00e0 b\u00e9n\u00e9vole\u00b7x\u00b7s du Fesses-tival\n\n\u003Cbr \/\u003E \tLe Fesses-tival n\u2019existerait&nbsp;(...)\u003C\/blockquote\u003E\n"}